{"id":30,"date":"2018-01-16T13:23:37","date_gmt":"2018-01-16T12:23:37","guid":{"rendered":"http:\/\/amvb.fr\/?page_id=30"},"modified":"2018-01-20T23:11:15","modified_gmt":"2018-01-20T22:11:15","slug":"2008-2009","status":"publish","type":"page","link":"https:\/\/amvb.fr\/?page_id=30","title":{"rendered":"2008-2009"},"content":{"rendered":"<p style=\"text-align: center;\"><strong><a href=\"http:\/\/amvb.fr\/?page_id=28\">&lt;&#8211;<\/a> 2008 <a href=\"#2009\">&#8211;&gt;<\/a><\/strong><\/p>\n<p>Mars 2008 : Nous \u00e9trennons notre nouvelle salle de r\u00e9p\u00e9tition, au Moulin de la Bi\u00e8vre.<\/p>\n<p>Avril 2008 : lors de notre concert de printemps \u00e0 l&rsquo;Auditorium, nous avons le plaisir d&rsquo;accueillir l&rsquo;<a href=\"http:\/\/www.orchestre-impromptu.new.fr\/\" target=\"_blank\" rel=\"noopener\">Orchestre Impromptu<\/a> qui assure une brillante prestation en deuxi\u00e8me partie.<\/p>\n<p>Juin 2008 : le concert lors de la rencontre des orchestres d&rsquo;harmonie \u00e0 Vincennes est une r\u00e9ussite. Le dimanche 22, la r\u00e9p\u00e9tition se termine en repas convivial au Moulin de la Bi\u00e8vre.<\/p>\n<p>Nous terminons l&rsquo;ann\u00e9e avec le concert de la Roseraie, le 28 juin.<\/p>\n<p>Septembre 2008 : pour les journ\u00e9es du patrimoine, 4 clarinettistes et une fl\u00fbtiste de l&rsquo;AMVB assurent des interm\u00e8des musicaux au Moulin de la Bi\u00e8vre.<\/p>\n<p>Octobre 2008 : samedi 11, nous partons tous \u00e0 Bad Hersfeld, \u00e0 l&rsquo;occasion des 20 ans de jumelage de cette cit\u00e9 allemande avec l&rsquo;Ha\u00ff-les-Roses. Nous donnons un premier concert \u00e0 notre arriv\u00e9e. Le dimanche 12, concert au Palais des Congr\u00e8s en pr\u00e9sence des autorit\u00e9s, des comit\u00e9s de jumelage, et de quelque 600 personnes : c&rsquo;est un succ\u00e8s ! Le lundi 13, nous sommes invit\u00e9s au lancement de la Lullusfest, la plus ancienne f\u00eate populaire d&rsquo;Allemagne.<\/p>\n<p>Novembre 2008 : Sainte-C\u00e9cile. Comme l&rsquo;ann\u00e9e derni\u00e8re, la r\u00e9p\u00e9tition du dimanche se termine de fa\u00e7on tr\u00e8s conviviale.<\/p>\n<p>Dimanche 7 d\u00e9cembre 2008 : concert du march\u00e9 de No\u00ebl avec la participation de nos amis, les <a href=\"http:\/\/lesbecsdeseine.free.fr\/\" target=\"_blank\" rel=\"noopener\">\u00ab\u00a0Becs de Seine\u00a0\u00bb<\/a>.<\/p>\n<p>La semaine suivante, concert de No\u00ebl \u00e0 l&rsquo;auditorium : en deuxi\u00e8me partie, prestation de la Musique de la R\u00e9gion Terre \u00cele-de-France tr\u00e8s applaudie par le public.<\/p>\n<hr>\n<p style=\"text-align: center;\"><strong><a href=\"http:\/\/amvb.fr\/?page_id=30\">&lt;&#8211;<\/a> <a name=\"2009\"><\/a>2009 <a href=\"http:\/\/amvb.fr\/?page_id=32\">&#8211;&gt;<\/a><\/strong><\/p>\n<p>Vendredi 6 mars 2009 : nous sommes invit\u00e9s par le Choeur d&rsquo;Arti&rsquo;Show \u00e0 assurer la premi\u00e8re partie du concert, et \u00e0 jouer ensemble pour le final.<\/p>\n<p>Mai 2009 : Jean-Paul nous quitte pour raisons personnelles.<br \/>\nLaurent LANGARD, chef de l&rsquo;harmonie de Pantin, accepte de nous diriger.<\/p>\n<p>Nous terminons l&rsquo;ann\u00e9e avec le concert de la Roseraie, le 27 juin.<\/p>\n<p>N&rsquo;oublions pas notre pique-nique de fin d&rsquo;ann\u00e9e, au Moulin de la Bi\u00e8vre, avec aubade nocturne.<\/p>\n<p>Septembre 2009 : nous donnons un concert de Rentr\u00e9e, dans le tr\u00e8s beau kiosque du Jardin du Luxembourg.<\/p>\n<p>Novembre 2009 : nous donnons notre concert de fin d&rsquo;ann\u00e9e \u00e0 l&rsquo;auditorium.<\/p>\n<p>Dimanche 6 d\u00e9cembre 2009 : concert du march\u00e9 de No\u00ebl sous le signe de l&rsquo;Alsace.<\/p>\n<p style=\"text-align: right;\"><a href=\"http:\/\/amvb.fr\/?page_id=32\">&#8211;&gt;<\/a><\/p>\n<div style=\"padding-bottom:20px; padding-top:10px;\" class=\"hupso-share-buttons\"><!-- Hupso Share Buttons - https:\/\/www.hupso.com\/share\/ --><a class=\"hupso_toolbar\" href=\"https:\/\/www.hupso.com\/share\/\"><img decoding=\"async\" src=\"https:\/\/static.hupso.com\/share\/buttons\/lang\/fr\/share-medium.png\" style=\"border:0px; padding-top: 5px; float:left;\" alt=\"Share Button\"\/><\/a><script type=\"text\/javascript\">var hupso_services_t=new Array(\"Twitter\",\"Facebook\",\"Google Plus\",\"Print\");var hupso_background_t=\"#EAF4FF\";var hupso_border_t=\"#66CCFF\";var hupso_toolbar_size_t=\"medium\";var hupso_image_folder_url = \"\";var hupso_url_t=\"\";var hupso_title_t=\"2008-2009\";<\/script><script type=\"text\/javascript\" src=\"https:\/\/static.hupso.com\/share\/js\/share_toolbar.js\"><\/script><!-- Hupso Share Buttons --><\/div>","protected":false},"excerpt":{"rendered":"<p>&lt;&#8211; 2008 &#8211;&gt; Mars 2008 : Nous \u00e9trennons notre nouvelle salle de r\u00e9p\u00e9tition, au Moulin de la Bi\u00e8vre. Avril 2008 : lors de notre concert de printemps \u00e0 l&rsquo;Auditorium, nous avons le plaisir d&rsquo;accueillir l&rsquo;Orchestre Impromptu qui assure une brillante &hellip; <a href=\"https:\/\/amvb.fr\/?page_id=30\">Continuer la lecture <span class=\"meta-nav\">&rarr;<\/span><\/a><\/p>\n","protected":false},"author":2,"featured_media":0,"parent":0,"menu_order":0,"comment_status":"closed","ping_status":"closed","template":"","meta":{"_bbp_topic_count":0,"_bbp_reply_count":0,"_bbp_total_topic_count":0,"_bbp_total_reply_count":0,"_bbp_voice_count":0,"_bbp_anonymous_reply_count":0,"_bbp_topic_count_hidden":0,"_bbp_reply_count_hidden":0,"_bbp_forum_subforum_count":0,"ngg_post_thumbnail":0,"footnotes":""},"class_list":["post-30","page","type-page","status-publish","hentry"],"aioseo_notices":[],"_links":{"self":[{"href":"https:\/\/amvb.fr\/index.php?rest_route=\/wp\/v2\/pages\/30","targetHints":{"allow":["GET"]}}],"collection":[{"href":"https:\/\/amvb.fr\/index.php?rest_route=\/wp\/v2\/pages"}],"about":[{"href":"https:\/\/amvb.fr\/index.php?rest_route=\/wp\/v2\/types\/page"}],"author":[{"embeddable":true,"href":"https:\/\/amvb.fr\/index.php?rest_route=\/wp\/v2\/users\/2"}],"replies":[{"embeddable":true,"href":"https:\/\/amvb.fr\/index.php?rest_route=%2Fwp%2Fv2%2Fcomments&post=30"}],"version-history":[{"count":4,"href":"https:\/\/amvb.fr\/index.php?rest_route=\/wp\/v2\/pages\/30\/revisions"}],"predecessor-version":[{"id":1115,"href":"https:\/\/amvb.fr\/index.php?rest_route=\/wp\/v2\/pages\/30\/revisions\/1115"}],"wp:attachment":[{"href":"https:\/\/amvb.fr\/index.php?rest_route=%2Fwp%2Fv2%2Fmedia&parent=30"}],"curies":[{"name":"wp","href":"https:\/\/api.w.org\/{rel}","templated":true}]}}